{"id":4525,"date":"2018-05-15T09:48:51","date_gmt":"2018-05-15T09:48:51","guid":{"rendered":"http:\/\/fpvicentemoya.es\/formacion\/?page_id=4525"},"modified":"2025-06-26T22:57:26","modified_gmt":"2025-06-26T20:57:26","slug":"curso-online-audiologia-protesica","status":"publish","type":"page","link":"https:\/\/fpvicentemoya.es\/formacion\/index.php\/curso-online-audiologia-protesica\/","title":{"rendered":"Curso Oficial Audiolog\u00eda prot\u00e9sica"},"content":{"rendered":"<div id=\"pl-4525\"  class=\"panel-layout\" ><div id=\"pg-4525-0\"  class=\"panel-grid panel-no-style\" ><div id=\"pgc-4525-0-0\"  class=\"panel-grid-cell\" ><div id=\"panel-4525-0-0-0\" class=\"so-panel widget widget_heading panel-first-child\" data-index=\"0\" ><div class=\"thim-widget-heading template-base\"><div class=\"sc_heading  text-center\"><h3 style=\"text-transform: uppercase;\" class=\"title\">FORMACION PROFESIONAL VICENTE MOYA<\/h3><p class=\"sub-heading\" style=\"\">\"Apoyamos los objetivos acad\u00e9micos y profesionales de nuestros alumnos\".<\/p><span class=\"line\"><\/span><\/div><\/div><\/div><div id=\"panel-4525-0-0-1\" class=\"so-panel widget widget_text panel-last-child\" data-index=\"1\" >\t\t\t<div class=\"textwidget\"><p><center><strong><u>INFORMACI\u00d3N GENERAL DE INTER\u00c9S PARA LOS ALUMNOS:<\/u><\/strong><\/center><center><\/center><center>Este T\u00edtulo es oficial y capacita para el ejercicio, en todo el territorio nacional como T\u00e9cnico Superior en Audiolog\u00eda Prot\u00e9sica<\/center><center><\/center><center>La modalidad de ense\u00f1anza es a distancia. El alumno puede obtener el T\u00edtulo sin acudir a clase.<\/center><\/p>\n<\/div>\n\t\t<\/div><\/div><\/div><div id=\"pg-4525-1\"  class=\"panel-grid panel-no-style\" ><div id=\"pgc-4525-1-0\"  class=\"panel-grid-cell\" ><div id=\"panel-4525-1-0-0\" class=\"so-panel widget widget_sow-tabs panel-first-child\" data-index=\"2\" ><div\n\t\t\t\n\t\t\tclass=\"so-widget-sow-tabs so-widget-sow-tabs-default-300b7b78c75e-4525\"\n\t\t\t\n\t\t><div class=\"sow-tabs\">\n\t<div class=\"sow-tabs-tab-container\" role=\"tablist\">\n\t\t\t<div\n\t\t\tclass=\"sow-tabs-tab\n\t\t\t sow-tabs-tab-selected\t\t\t\"\n\t\t\trole=\"tab\"\n\t\t\tdata-anchor-id=\"general\"\n\t\t\taria-selected=\"true\"\n\t\t\ttabindex=\"0\"\n\t\t>\n\t\t\t<div class=\"sow-tabs-title sow-tabs-title-icon-left\">\n\t\t\t\t\t\t\t\tGeneral\t\t\t\t\t\t\t<\/div>\n\t\t<\/div>\n\t\t\t<div\n\t\t\tclass=\"sow-tabs-tab\n\t\t\t\t\t\t\"\n\t\t\trole=\"tab\"\n\t\t\tdata-anchor-id=\"contenido\"\n\t\t\taria-selected=\"false\"\n\t\t\ttabindex=\"0\"\n\t\t>\n\t\t\t<div class=\"sow-tabs-title sow-tabs-title-icon-left\">\n\t\t\t\t\t\t\t\tContenido\t\t\t\t\t\t\t<\/div>\n\t\t<\/div>\n\t\t\t<div\n\t\t\tclass=\"sow-tabs-tab\n\t\t\t\t\t\t\"\n\t\t\trole=\"tab\"\n\t\t\tdata-anchor-id=\"requisitos\"\n\t\t\taria-selected=\"false\"\n\t\t\ttabindex=\"0\"\n\t\t>\n\t\t\t<div class=\"sow-tabs-title sow-tabs-title-icon-left\">\n\t\t\t\t\t\t\t\tRequisitos\t\t\t\t\t\t\t<\/div>\n\t\t<\/div>\n\t\t\t<div\n\t\t\tclass=\"sow-tabs-tab\n\t\t\t\t\t\t\"\n\t\t\trole=\"tab\"\n\t\t\tdata-anchor-id=\"calendario\"\n\t\t\taria-selected=\"false\"\n\t\t\ttabindex=\"0\"\n\t\t>\n\t\t\t<div class=\"sow-tabs-title sow-tabs-title-icon-left\">\n\t\t\t\t\t\t\t\tCalendario\t\t\t\t\t\t\t<\/div>\n\t\t<\/div>\n\t\t<\/div>\n\n\t<div class=\"sow-tabs-panel-container\">\n\t\t\t<div class=\"sow-tabs-panel\">\n\t\t\t<div\n\t\t\t\tclass=\"sow-tabs-panel-content\"\n\t\t\t\trole=\"tabpanel\"\n\t\t\t\taria-hidden=\"false\"\n\t\t\t>\n\t\t\t\t<h3><strong>Esta Titulaci\u00f3n le habilita para:<\/strong><\/h3>\n<ul>\n<li>Realizar exploraciones audiol\u00f3gicas y pruebas de audici\u00f3n.<\/li>\n<li>Producir moldes y protectores auditivos, as\u00ed como elegir el molde adecuado para cada paciente.<\/li>\n<li>Adaptar pr\u00f3tesis auditivas adecuadas a cada paciente<\/li>\n<li>Identificar aver\u00edas y reparar pr\u00f3tesis auditivas<\/li>\n<li>Recomendar medidas de protecci\u00f3n espec\u00edficas contra el ruido.<\/li>\n<li>Medir niveles sonoros en recintos para elaborar informes y mapa de niveles sonoros.<\/li>\n<\/ul>\n<h3>La titulaci\u00f3n de este ciclo permitir\u00e1 al alumno acceder a estudios de titulaciones superiores como:<\/h3>\n<ul>\n<li>\u00a0Todas las ense\u00f1anzas universitarias oficiales de Grado.<\/li>\n<li>\u00a0Acceso a las ense\u00f1anzas universitarias oficiales de Grado pertenecientes a las ramas de Ingenier\u00eda , Arquitectura o Ciencias de la Salud.<\/li>\n<li>\u00a0A efectos de reconocimiento de cr\u00e9ditos entre este t\u00edtulo y las ense\u00f1anzas universitarias de grado, se han asignado 120 cr\u00e9ditos por el Sistema Europeo de Transferencia de Cr\u00e9ditos, distribuidos entre los m\u00f3dulos profesionales de este ciclo formativo.<\/li>\n<\/ul>\n<h3>Salidas profesionales que ofrece este ciclo formativo:<\/h3>\n<ul>\n<li>T\u00e9cnico superior en audiopr\u00f3tesis.<\/li>\n<li>T\u00e9cnico especialista audioprotesista.<\/li>\n<li>T\u00e9cnico en elaboraci\u00f3n de moldes y protectores auditivos.<\/li>\n<li>T\u00e9cnico en medici\u00f3n de nivel sonoro. Audiometrista.<\/li>\n<\/ul>\n\t\t\t<\/div>\n\t\t<\/div>\n\t\t\t<div class=\"sow-tabs-panel\">\n\t\t\t<div\n\t\t\t\tclass=\"sow-tabs-panel-content\"\n\t\t\t\trole=\"tabpanel\"\n\t\t\t\taria-hidden=\"true\"\n\t\t\t>\n\t\t\t\t<h3>M\u00f3dulos comprendidos en el ciclo formativo:<\/h3>\n<ul>\n<li>Ac\u00fastica y elementos de protecci\u00f3n sonora<\/li>\n<li>Caracter\u00edsticas anatomosensoriales auditivas<\/li>\n<li>Elaboraci\u00f3n de moldes y protectores auditivos<\/li>\n<li>Tecnolog\u00eda electr\u00f3nica en audiopr\u00f3tesis<\/li>\n<li>Atenci\u00f3n al hipoac\u00fasico<\/li>\n<li>Audici\u00f3n y comunicaci\u00f3n verbal<\/li>\n<li>Elecci\u00f3n y adaptaci\u00f3n de pr\u00f3tesis auditivas<\/li>\n<li>Empresa e iniciativa emprendedora<\/li>\n<li>Formaci\u00f3n y orientaci\u00f3n laboral<\/li>\n<li>Ingl\u00e9s t\u00e9cnico para grado superior<\/li>\n<\/ul>\n<h3>Formaci\u00f3n en Centros de Trabajo<\/h3>\n<p>Estas pr\u00e1cticas ocupan el cuarto y el quinto trimestre.<br \/>\nLos alumnos podr\u00e1n solicitar convalidaciones justas por estudios realizados en relaci\u00f3n con las ense\u00f1anzas de este ciclo, entre otras la del m\u00f3dulo de Formaci\u00f3n en Centros de Trabajo.<\/p>\n<h3>Proyecto de fin de curso<\/h3>\n<p>Los alumnos ser\u00e1n evaluados en el \u00faltimo trimestre del Proyecto de Audiolog\u00eda Prot\u00e9sica, una vez superados los m\u00f3dulos del Ciclo Formativo.<\/p>\n\t\t\t<\/div>\n\t\t<\/div>\n\t\t\t<div class=\"sow-tabs-panel\">\n\t\t\t<div\n\t\t\t\tclass=\"sow-tabs-panel-content\"\n\t\t\t\trole=\"tabpanel\"\n\t\t\t\taria-hidden=\"true\"\n\t\t\t>\n\t\t\t\t<h3>Requisitos acad\u00e9micos para acceder al curso<\/h3>\n<p>Cualquiera de los siguientes t\u00edtulos o acreditaciones es suficiente para acceder a este ciclo Formativo:<\/p>\n<ul>\n<li>T\u00edtulo de Bachillerato LOE o LOGSE, o C.O.U.<\/li>\n<li>T\u00edtulo de T\u00e9cnico Superior de Formaci\u00f3n Profesional Espec\u00edfica<\/li>\n<li>T\u00edtulo de T\u00e9cnico Especialista (FPII)<\/li>\n<li>T\u00edtulo de T\u00e9cnico en Grado Medio<\/li>\n<li>Haber superado la Prueba de Acceso a Ciclos Formativos o haber superado la prueba de Acceso para mayores de 25 a\u00f1os<\/li>\n<\/ul>\n<p>&nbsp;<\/p>\n\t\t\t<\/div>\n\t\t<\/div>\n\t\t\t<div class=\"sow-tabs-panel\">\n\t\t\t<div\n\t\t\t\tclass=\"sow-tabs-panel-content\"\n\t\t\t\trole=\"tabpanel\"\n\t\t\t\taria-hidden=\"true\"\n\t\t\t>\n\t\t\t\t<h3>Fechas de inicio, final, y asistencia del curso:<\/h3>\n<ul>\n<li>El periodo de matr\u00edcula est\u00e1 abierto actualmente.<\/li>\n<li>\u00a0La duraci\u00f3n total del ciclo es de 21 meses, desde Octubre del 2022 a junio del 2024.<\/li>\n<li>Los ex\u00e1menes finales ser\u00e1n al finalizar el curso.<\/li>\n<li>La formaci\u00f3n es a distancia, el alumno s\u00f3lo tiene obligaci\u00f3n de acudir al examen final presencial de las asignaturas. No obstante, el centro educativo ofrece a todos los alumnos de forma voluntaria:\n<ul>\n<li>\u00a0Material did\u00e1ctico tanto te\u00f3rico como pr\u00e1ctico para el aprendizaje.<\/li>\n<li>Seminarios pr\u00e1cticos presenciales, con equipos t\u00e9cnicos de uso profesional, para reforzar el aprendizaje de las t\u00e9cnicas requeridas para la \u00f3ptima capacitaci\u00f3n los estudiantes.<\/li>\n<li>Tutor\u00edas a distancia y presenciales.<\/li>\n<\/ul>\n<\/li>\n<\/ul>\n\t\t\t<\/div>\n\t\t<\/div>\n\t\t<\/div>\n<\/div>\n<\/div><\/div><div id=\"panel-4525-1-0-1\" class=\"widget_text so-panel widget widget_custom_html panel-last-child\" data-index=\"3\" ><h3 class=\"widget-title\">Ampliar informaci\u00f3n<\/h3><div class=\"textwidget custom-html-widget\">\n<div class=\"wpcf7 no-js\" id=\"wpcf7-f4960-o1\" lang=\"en-US\" dir=\"ltr\" data-wpcf7-id=\"4960\">\n<div class=\"screen-reader-response\"><p role=\"status\" aria-live=\"polite\" aria-atomic=\"true\"><\/p> <ul><\/ul><\/div>\n<form action=\"\/formacion\/index.php\/wp-json\/wp\/v2\/pages\/4525#wpcf7-f4960-o1\" method=\"post\" class=\"wpcf7-form init\" aria-label=\"Contact form\" novalidate=\"novalidate\" data-status=\"init\">\n<fieldset class=\"hidden-fields-container\"><input type=\"hidden\" name=\"_wpcf7\" value=\"4960\" \/><input type=\"hidden\" name=\"_wpcf7_version\" value=\"6.1\" \/><input type=\"hidden\" name=\"_wpcf7_locale\" value=\"en_US\" \/><input type=\"hidden\" name=\"_wpcf7_unit_tag\" value=\"wpcf7-f4960-o1\" \/><input type=\"hidden\" name=\"_wpcf7_container_post\" value=\"0\" \/><input type=\"hidden\" name=\"_wpcf7_posted_data_hash\" value=\"\" \/>\n<\/fieldset>\n<p><span class=\"wpcf7-form-control-wrap\" data-name=\"your-name\"><input size=\"40\" maxlength=\"400\" class=\"wpcf7-form-control wpcf7-text wpcf7-validates-as-required\" aria-required=\"true\" aria-invalid=\"false\" placeholder=\"Nombre *\" value=\"\" type=\"text\" name=\"your-name\" \/><\/span>\n<\/p>\n<p><span class=\"wpcf7-form-control-wrap\" data-name=\"your-email\"><input size=\"40\" maxlength=\"400\" class=\"wpcf7-form-control wpcf7-email wpcf7-validates-as-required wpcf7-text wpcf7-validates-as-email\" aria-required=\"true\" aria-invalid=\"false\" placeholder=\"Email *\" value=\"\" type=\"email\" name=\"your-email\" \/><\/span>\n<\/p>\n<p><span class=\"wpcf7-form-control-wrap\" data-name=\"Telefono\"><input size=\"40\" maxlength=\"400\" class=\"wpcf7-form-control wpcf7-tel wpcf7-validates-as-required wpcf7-text wpcf7-validates-as-tel\" aria-required=\"true\" aria-invalid=\"false\" placeholder=\"Tel\u00e9fono *\" value=\"\" type=\"tel\" name=\"Telefono\" \/><\/span>\n<\/p>\n<p>Marque el curso o cursos de interes\n<\/p>\n<p><br \/>\n<span class=\"wpcf7-form-control-wrap\" data-name=\"Curso_De_Interes\"><span class=\"wpcf7-form-control wpcf7-checkbox wpcf7-validates-as-required\"><span class=\"wpcf7-list-item first\"><label><input type=\"checkbox\" name=\"Curso_De_Interes[]\" value=\"TS Audiolog\u00eda prot\u00e9sica OFICIAL\" \/><span class=\"wpcf7-list-item-label\">TS Audiolog\u00eda prot\u00e9sica OFICIAL<\/span><\/label><\/span><span class=\"wpcf7-list-item last\"><label><input type=\"checkbox\" name=\"Curso_De_Interes[]\" value=\"T\u00e9cnico asesor Audiolog\u00eda prot\u00e9sica\" \/><span class=\"wpcf7-list-item-label\">T\u00e9cnico asesor Audiolog\u00eda prot\u00e9sica<\/span><\/label><\/span><\/span><\/span>\n<\/p>\n<p><span class=\"wpcf7-form-control-wrap\" data-name=\"your-message\"><textarea cols=\"40\" rows=\"10\" maxlength=\"2000\" class=\"wpcf7-form-control wpcf7-textarea wpcf7-validates-as-required\" aria-required=\"true\" aria-invalid=\"false\" placeholder=\"Mensaje *\" name=\"your-message\"><\/textarea><\/span>\n<\/p>\n<p><input class=\"wpcf7-form-control wpcf7-submit has-spinner\" type=\"submit\" value=\"Enviar.\" \/>\n<\/p><div class=\"wpcf7-response-output\" aria-hidden=\"true\"><\/div>\n<\/form>\n<\/div>\n<\/div><\/div><\/div><\/div><\/div>","protected":false},"excerpt":{"rendered":"<p>INFORMACI\u00d3N GENERAL DE INTER\u00c9S PARA LOS ALUMNOS:Este T\u00edtulo es oficial y capacita para el ejercicio, en todo el territorio nacional como T\u00e9cnico Superior en Audiolog\u00eda Prot\u00e9sicaLa modalidad de ense\u00f1anza es a distancia. El alumno puede obtener el T\u00edtulo sin acudir &hellip; <\/p>\n","protected":false},"author":1,"featured_media":3712,"parent":0,"menu_order":0,"comment_status":"closed","ping_status":"closed","template":"","meta":{"_monsterinsights_skip_tracking":false,"_monsterinsights_sitenote_active":false,"_monsterinsights_sitenote_note":"","_monsterinsights_sitenote_category":0,"footnotes":""},"class_list":["post-4525","page","type-page","status-publish","has-post-thumbnail","hentry"],"yoast_head":"<!-- This site is optimized with the Yoast SEO plugin v25.4 - https:\/\/yoast.com\/wordpress\/plugins\/seo\/ -->\n<title>Curso Oficial Audiolog\u00eda prot\u00e9sica - FP Vicente Moya<\/title>\n<meta name=\"robots\" content=\"index, follow, max-snippet:-1, max-image-preview:large, max-video-preview:-1\" \/>\n<link rel=\"canonical\" href=\"https:\/\/fpvicentemoya.es\/formacion\/index.php\/curso-online-audiologia-protesica\/\" \/>\n<meta property=\"og:locale\" content=\"es_ES\" \/>\n<meta property=\"og:type\" content=\"article\" \/>\n<meta property=\"og:title\" content=\"Curso Oficial Audiolog\u00eda prot\u00e9sica - FP Vicente Moya\" \/>\n<meta property=\"og:description\" content=\"INFORMACI\u00d3N GENERAL DE INTER\u00c9S PARA LOS ALUMNOS:Este T\u00edtulo es oficial y capacita para el ejercicio, en todo el territorio nacional como T\u00e9cnico Superior en Audiolog\u00eda Prot\u00e9sicaLa modalidad de ense\u00f1anza es a distancia. El alumno puede obtener el T\u00edtulo sin acudir &hellip;\" \/>\n<meta property=\"og:url\" content=\"https:\/\/fpvicentemoya.es\/formacion\/index.php\/curso-online-audiologia-protesica\/\" \/>\n<meta property=\"og:site_name\" content=\"FP Vicente Moya\" \/>\n<meta property=\"article:modified_time\" content=\"2025-06-26T20:57:26+00:00\" \/>\n<meta property=\"og:image\" content=\"https:\/\/fpvicentemoya.es\/formacion\/wp-content\/uploads\/2016\/01\/blog-7.jpg\" \/>\n\t<meta property=\"og:image:width\" content=\"870\" \/>\n\t<meta property=\"og:image:height\" content=\"445\" \/>\n\t<meta property=\"og:image:type\" content=\"image\/jpeg\" \/>\n<meta name=\"twitter:card\" content=\"summary_large_image\" \/>\n<meta name=\"twitter:label1\" content=\"Tiempo de lectura\" \/>\n\t<meta name=\"twitter:data1\" content=\"3 minutos\" \/>\n<script type=\"application\/ld+json\" class=\"yoast-schema-graph\">{\"@context\":\"https:\/\/schema.org\",\"@graph\":[{\"@type\":\"WebPage\",\"@id\":\"https:\/\/fpvicentemoya.es\/formacion\/index.php\/curso-online-audiologia-protesica\/\",\"url\":\"https:\/\/fpvicentemoya.es\/formacion\/index.php\/curso-online-audiologia-protesica\/\",\"name\":\"Curso Oficial Audiolog\u00eda prot\u00e9sica - FP Vicente Moya\",\"isPartOf\":{\"@id\":\"https:\/\/fpvicentemoya.es\/formacion\/#website\"},\"primaryImageOfPage\":{\"@id\":\"https:\/\/fpvicentemoya.es\/formacion\/index.php\/curso-online-audiologia-protesica\/#primaryimage\"},\"image\":{\"@id\":\"https:\/\/fpvicentemoya.es\/formacion\/index.php\/curso-online-audiologia-protesica\/#primaryimage\"},\"thumbnailUrl\":\"https:\/\/fpvicentemoya.es\/formacion\/wp-content\/uploads\/2016\/01\/blog-7.jpg\",\"datePublished\":\"2018-05-15T09:48:51+00:00\",\"dateModified\":\"2025-06-26T20:57:26+00:00\",\"breadcrumb\":{\"@id\":\"https:\/\/fpvicentemoya.es\/formacion\/index.php\/curso-online-audiologia-protesica\/#breadcrumb\"},\"inLanguage\":\"es\",\"potentialAction\":[{\"@type\":\"ReadAction\",\"target\":[\"https:\/\/fpvicentemoya.es\/formacion\/index.php\/curso-online-audiologia-protesica\/\"]}]},{\"@type\":\"ImageObject\",\"inLanguage\":\"es\",\"@id\":\"https:\/\/fpvicentemoya.es\/formacion\/index.php\/curso-online-audiologia-protesica\/#primaryimage\",\"url\":\"https:\/\/fpvicentemoya.es\/formacion\/wp-content\/uploads\/2016\/01\/blog-7.jpg\",\"contentUrl\":\"https:\/\/fpvicentemoya.es\/formacion\/wp-content\/uploads\/2016\/01\/blog-7.jpg\",\"width\":870,\"height\":445},{\"@type\":\"BreadcrumbList\",\"@id\":\"https:\/\/fpvicentemoya.es\/formacion\/index.php\/curso-online-audiologia-protesica\/#breadcrumb\",\"itemListElement\":[{\"@type\":\"ListItem\",\"position\":1,\"name\":\"Portada\",\"item\":\"https:\/\/fpvicentemoya.es\/formacion\/\"},{\"@type\":\"ListItem\",\"position\":2,\"name\":\"Curso Oficial Audiolog\u00eda prot\u00e9sica\"}]},{\"@type\":\"WebSite\",\"@id\":\"https:\/\/fpvicentemoya.es\/formacion\/#website\",\"url\":\"https:\/\/fpvicentemoya.es\/formacion\/\",\"name\":\"FP Vicente Moya\",\"description\":\"Formaci\u00f3n especializada\",\"potentialAction\":[{\"@type\":\"SearchAction\",\"target\":{\"@type\":\"EntryPoint\",\"urlTemplate\":\"https:\/\/fpvicentemoya.es\/formacion\/?s={search_term_string}\"},\"query-input\":{\"@type\":\"PropertyValueSpecification\",\"valueRequired\":true,\"valueName\":\"search_term_string\"}}],\"inLanguage\":\"es\"}]}<\/script>\n<!-- \/ Yoast SEO plugin. -->","yoast_head_json":{"title":"Curso Oficial Audiolog\u00eda prot\u00e9sica - FP Vicente Moya","robots":{"index":"index","follow":"follow","max-snippet":"max-snippet:-1","max-image-preview":"max-image-preview:large","max-video-preview":"max-video-preview:-1"},"canonical":"https:\/\/fpvicentemoya.es\/formacion\/index.php\/curso-online-audiologia-protesica\/","og_locale":"es_ES","og_type":"article","og_title":"Curso Oficial Audiolog\u00eda prot\u00e9sica - FP Vicente Moya","og_description":"INFORMACI\u00d3N GENERAL DE INTER\u00c9S PARA LOS ALUMNOS:Este T\u00edtulo es oficial y capacita para el ejercicio, en todo el territorio nacional como T\u00e9cnico Superior en Audiolog\u00eda Prot\u00e9sicaLa modalidad de ense\u00f1anza es a distancia. El alumno puede obtener el T\u00edtulo sin acudir &hellip;","og_url":"https:\/\/fpvicentemoya.es\/formacion\/index.php\/curso-online-audiologia-protesica\/","og_site_name":"FP Vicente Moya","article_modified_time":"2025-06-26T20:57:26+00:00","og_image":[{"width":870,"height":445,"url":"https:\/\/fpvicentemoya.es\/formacion\/wp-content\/uploads\/2016\/01\/blog-7.jpg","type":"image\/jpeg"}],"twitter_card":"summary_large_image","twitter_misc":{"Tiempo de lectura":"3 minutos"},"schema":{"@context":"https:\/\/schema.org","@graph":[{"@type":"WebPage","@id":"https:\/\/fpvicentemoya.es\/formacion\/index.php\/curso-online-audiologia-protesica\/","url":"https:\/\/fpvicentemoya.es\/formacion\/index.php\/curso-online-audiologia-protesica\/","name":"Curso Oficial Audiolog\u00eda prot\u00e9sica - FP Vicente Moya","isPartOf":{"@id":"https:\/\/fpvicentemoya.es\/formacion\/#website"},"primaryImageOfPage":{"@id":"https:\/\/fpvicentemoya.es\/formacion\/index.php\/curso-online-audiologia-protesica\/#primaryimage"},"image":{"@id":"https:\/\/fpvicentemoya.es\/formacion\/index.php\/curso-online-audiologia-protesica\/#primaryimage"},"thumbnailUrl":"https:\/\/fpvicentemoya.es\/formacion\/wp-content\/uploads\/2016\/01\/blog-7.jpg","datePublished":"2018-05-15T09:48:51+00:00","dateModified":"2025-06-26T20:57:26+00:00","breadcrumb":{"@id":"https:\/\/fpvicentemoya.es\/formacion\/index.php\/curso-online-audiologia-protesica\/#breadcrumb"},"inLanguage":"es","potentialAction":[{"@type":"ReadAction","target":["https:\/\/fpvicentemoya.es\/formacion\/index.php\/curso-online-audiologia-protesica\/"]}]},{"@type":"ImageObject","inLanguage":"es","@id":"https:\/\/fpvicentemoya.es\/formacion\/index.php\/curso-online-audiologia-protesica\/#primaryimage","url":"https:\/\/fpvicentemoya.es\/formacion\/wp-content\/uploads\/2016\/01\/blog-7.jpg","contentUrl":"https:\/\/fpvicentemoya.es\/formacion\/wp-content\/uploads\/2016\/01\/blog-7.jpg","width":870,"height":445},{"@type":"BreadcrumbList","@id":"https:\/\/fpvicentemoya.es\/formacion\/index.php\/curso-online-audiologia-protesica\/#breadcrumb","itemListElement":[{"@type":"ListItem","position":1,"name":"Portada","item":"https:\/\/fpvicentemoya.es\/formacion\/"},{"@type":"ListItem","position":2,"name":"Curso Oficial Audiolog\u00eda prot\u00e9sica"}]},{"@type":"WebSite","@id":"https:\/\/fpvicentemoya.es\/formacion\/#website","url":"https:\/\/fpvicentemoya.es\/formacion\/","name":"FP Vicente Moya","description":"Formaci\u00f3n especializada","potentialAction":[{"@type":"SearchAction","target":{"@type":"EntryPoint","urlTemplate":"https:\/\/fpvicentemoya.es\/formacion\/?s={search_term_string}"},"query-input":{"@type":"PropertyValueSpecification","valueRequired":true,"valueName":"search_term_string"}}],"inLanguage":"es"}]}},"_links":{"self":[{"href":"https:\/\/fpvicentemoya.es\/formacion\/index.php\/wp-json\/wp\/v2\/pages\/4525","targetHints":{"allow":["GET"]}}],"collection":[{"href":"https:\/\/fpvicentemoya.es\/formacion\/index.php\/wp-json\/wp\/v2\/pages"}],"about":[{"href":"https:\/\/fpvicentemoya.es\/formacion\/index.php\/wp-json\/wp\/v2\/types\/page"}],"author":[{"embeddable":true,"href":"https:\/\/fpvicentemoya.es\/formacion\/index.php\/wp-json\/wp\/v2\/users\/1"}],"replies":[{"embeddable":true,"href":"https:\/\/fpvicentemoya.es\/formacion\/index.php\/wp-json\/wp\/v2\/comments?post=4525"}],"version-history":[{"count":114,"href":"https:\/\/fpvicentemoya.es\/formacion\/index.php\/wp-json\/wp\/v2\/pages\/4525\/revisions"}],"predecessor-version":[{"id":5394,"href":"https:\/\/fpvicentemoya.es\/formacion\/index.php\/wp-json\/wp\/v2\/pages\/4525\/revisions\/5394"}],"wp:featuredmedia":[{"embeddable":true,"href":"https:\/\/fpvicentemoya.es\/formacion\/index.php\/wp-json\/wp\/v2\/media\/3712"}],"wp:attachment":[{"href":"https:\/\/fpvicentemoya.es\/formacion\/index.php\/wp-json\/wp\/v2\/media?parent=4525"}],"curies":[{"name":"wp","href":"https:\/\/api.w.org\/{rel}","templated":true}]}}